{"id":1287,"date":"2015-07-19T21:19:59","date_gmt":"2015-07-19T21:19:59","guid":{"rendered":"http:\/\/lacomponella.com\/WordPress3\/?page_id=1287"},"modified":"2018-04-09T11:21:50","modified_gmt":"2018-04-09T11:21:50","slug":"miot-r","status":"publish","type":"page","link":"https:\/\/lacomponella.com\/WordPress3\/?page_id=1287","title":{"rendered":""},"content":{"rendered":"<h4><span style=\"color: #ff0000;\"><strong>MIOT &#8222;R&#8221;\u00a0-krycie w Austrii<\/strong><\/span><\/h4>\n<p>08.11.2012 urodzi\u0142y si\u0119 2 czarne bardzo mocne psy: Rocky Balboa i Rambo John.<\/p>\n<p><strong>To ju\u017c trzecie pokolenie z przydomkiem La Componella FCI<\/strong><\/p>\n<address>To pierwszy i jedyny miot w Polsce po Zwyci\u0119zcy \u015awiata 2012, a tak\u017ce nieliczny w Europie po takim doskona\u0142ym skojarzeniu.<\/address>\n<address>W miocie urodzi\u0142y si\u0119 tylko 2 czarne samce o bardzo masywnej budowie- w dniu urodzin ka\u017cdy wa\u017cy\u0142 po 1200g, co stanowi wag\u0119 podw\u00f3jn\u0105 standardowego szczeni\u0119cia. Pieski zapowiadaj\u0105 si\u0119 na bardzo du\u017ce i doskonale rokuj\u0105ce wystawowo. S\u0105 niezwykle mocnej budowy.<\/address>\n<p><strong><a href=\"https:\/\/picasaweb.google.com\/103772591381431048640\/RSzczenieta#\">Pierwsza galeria wsp\u00f3lna szczeni\u0105t<br \/>\n<\/a><a href=\"https:\/\/picasaweb.google.com\/103772591381431048640\/Razem2tyg#\">Galeria wsp\u00f3lna\u00a0 &#8211; 2tygodnie.<br \/>\n<\/a>G<a href=\"https:\/\/picasaweb.google.com\/103772591381431048640\/Razem3tyg#\">aleria wsp\u00f3lna &#8211; 3tygodnie. Wa\u017c\u0105 ju\u017c po 5,5 kg<\/a>:))<br \/>\n<\/strong><a href=\"https:\/\/picasaweb.google.com\/103772591381431048640\/Razem4tyg#\"><strong>Galeria wsp\u00f3lna 4 tygodnie<\/strong><\/a><strong><br \/>\n<a href=\"https:\/\/picasaweb.google.com\/103772591381431048640\/Razem5tyg#\">Galeria wsp\u00f3lna 5 tygodni<\/a><\/strong><\/p>\n<p><strong>RAMBO JOHN\u00a0 &#8211;\u00a0<a href=\"https:\/\/picasaweb.google.com\/103772591381431048640\/Kokardka1tyg#\">GALERIA 1tydz.\/<\/a>\u00a0\u00a0<a href=\"https:\/\/picasaweb.google.com\/103772591381431048640\/Kokardka2tyg#\">2tyg.<\/a>\/\u00a0\u00a0<a href=\"https:\/\/picasaweb.google.com\/103772591381431048640\/ZeWstazkaCzyliRambo3tyg#\">3tyg.<\/a><\/strong>\/<strong><a href=\"https:\/\/picasaweb.google.com\/103772591381431048640\/ZeWstazkaCzyliRambo3tyg#\">\u00a0<\/a>\u00a0<a href=\"https:\/\/picasaweb.google.com\/103772591381431048640\/Rambo5tyg#\">5tyg.\/\u00a0<\/a>\u00a0<a href=\"https:\/\/picasaweb.google.com\/103772591381431048640\/Rambo67tyg#\">6-7tyg<\/a>\u00a0 \/\u00a0<\/strong>\u00a0<strong><a href=\"https:\/\/picasaweb.google.com\/103772591381431048640\/Rambo9tyg#\">9tygodni\u00a0<\/a>&#8211; mieszka w\u00a0Polsce<br \/>\n<\/strong><\/p>\n<p><strong>ROCKY BALBOA\u00a0&#8211;\u00a0<a href=\"https:\/\/picasaweb.google.com\/103772591381431048640\/BezKokardki1tyg#\">GALERIA 1tydz.\/<\/a>\u00a0<a href=\"https:\/\/picasaweb.google.com\/103772591381431048640\/BezKokardki2Tyg#\">2tyg.<\/a>\/\u00a0\u00a0<a href=\"https:\/\/picasaweb.google.com\/103772591381431048640\/BezKokRocky3tyg#\">3tyg.<\/a>\/\u00a0<a href=\"https:\/\/picasaweb.google.com\/103772591381431048640\/Rocky5tyg#\">5tyg.<\/a>\u00a0&#8211; mieszka w Niemczech<br \/>\n<\/strong><\/p>\n<p><strong><a href=\"http:\/\/www.deutsche-doggen.co.at\/males4.htm\">Informacje o ojcu miotu &#8211; tutaj<\/a><\/strong><\/p>\n<table width=\"730\">\n<tbody>\n<tr>\n<td width=\"346\"><strong>MATKA MIOTU:<br \/>\nMARYLIN MONROE La Componella<br \/>\n<\/strong><strong>3 SUKA WYSTAWY \u015aWIATOWEJ AUSTRIA 2012 !!<br \/>\n<\/strong>doskona\u0142a na Europejskiej Wystawie Dog\u00f3w<strong><br \/>\n<\/strong>M\u0142odzie\u017cowy Champion Polski<br \/>\n3x\u00a0Zwyci\u0119zca Mlodzie\u017cy<br \/>\n2x Best Junior<br \/>\n5x WO I<br \/>\n3x Best Baby<br \/>\n2x Best Puppy<br \/>\n1x BIS Szczeniat IVHD A\/A (brak dysplazji biodrowej)<br \/>\nED 0\/0 (brak dysplazji \u0139\u201aokciowej)<br \/>\nEKG, Echo &#8211; w normie<\/td>\n<td width=\"380\"><strong>OJCIEC MIOTU:<br \/>\nL&#8217;amour Noir of Austria Great Stars<\/strong><strong>World Champion<\/strong>ur: 30.01.2010 &#8211; wzrost 90 cmFather: IntCH. MultiCH. El-King of Austria Great Stars<br \/>\nMother: IntCH MultiCH. Creme de la Creme of Austria Great StarsInternational Champion<br \/>\nAustria Champipon<br \/>\nCzech Champion<br \/>\nSlovakia Champion<br \/>\nHungarian Champion<br \/>\nSlovenia Champion<br \/>\nSerbian Champion<br \/>\nAustrian Federal Winner 2011, 2012<br \/>\nCzech Club Winner 2011<br \/>\nCroatian Club Winner 2011<br \/>\nAustria Club Winner 2012<br \/>\nSlovenia Club Winner 2012<br \/>\nHungarian Club Winner 2012<br \/>\nSavaria Winner 2011<br \/>\nHungarian Grand Prix Winner 2011<br \/>\nHungarian Derby Winner 2011<br \/>\nSlovenia Winter Winner 2011<br \/>\nNational Winner Brno 2012HD A\/A (brak dysplazji biodrowej)<br \/>\nED 0\/0 (brak dysplazji \u0139\u201aokciowej)<br \/>\nEKG, Echo &#8211; w normie<br \/>\nOczy &#8211; zdrowe<\/td>\n<\/tr>\n<\/tbody>\n<\/table>\n<p>&nbsp;<\/p>\n","protected":false},"excerpt":{"rendered":"<p>MIOT &#8222;R&#8221;\u00a0-krycie w Austrii 08.11.2012 urodzi\u0142y si\u0119 2 czarne bardzo mocne psy: Rocky Balboa i Rambo John. To ju\u017c trzecie pokolenie z przydomkiem La Componella FCI To pierwszy i jedyny miot w Polsce po Zwyci\u0119zcy \u015awiata 2012, a tak\u017ce nieliczny w Europie po takim doskona\u0142ym skojarzeniu. W miocie urodzi\u0142y si\u0119 tylko 2 czarne samce o [&hellip;]<\/p>\n","protected":false},"author":1,"featured_media":0,"parent":0,"menu_order":0,"comment_status":"closed","ping_status":"closed","template":"","meta":{"footnotes":""},"class_list":["post-1287","page","type-page","status-publish","hentry"],"yoast_head":"<!-- This site is optimized with the Yoast SEO plugin v27.4 - https:\/\/yoast.com\/product\/yoast-seo-wordpress\/ -->\n<title>- La Componella FCI<\/title>\n<meta name=\"robots\" content=\"index, follow, max-snippet:-1, max-image-preview:large, max-video-preview:-1\" \/>\n<link rel=\"canonical\" href=\"https:\/\/lacomponella.com\/WordPress3\/?page_id=1287\" \/>\n<meta property=\"og:locale\" content=\"pl_PL\" \/>\n<meta property=\"og:type\" content=\"article\" \/>\n<meta property=\"og:title\" content=\"- La Componella FCI\" \/>\n<meta property=\"og:description\" content=\"MIOT &#8222;R&#8221;\u00a0-krycie w Austrii 08.11.2012 urodzi\u0142y si\u0119 2 czarne bardzo mocne psy: Rocky Balboa i Rambo John. To ju\u017c trzecie pokolenie z przydomkiem La Componella FCI To pierwszy i jedyny miot w Polsce po Zwyci\u0119zcy \u015awiata 2012, a tak\u017ce nieliczny w Europie po takim doskona\u0142ym skojarzeniu. W miocie urodzi\u0142y si\u0119 tylko 2 czarne samce o [&hellip;]\" \/>\n<meta property=\"og:url\" content=\"https:\/\/lacomponella.com\/WordPress3\/?page_id=1287\" \/>\n<meta property=\"og:site_name\" content=\"La Componella FCI\" \/>\n<meta property=\"article:modified_time\" content=\"2018-04-09T11:21:50+00:00\" \/>\n<meta name=\"twitter:card\" content=\"summary_large_image\" \/>\n<meta name=\"twitter:label1\" content=\"Szacowany czas czytania\" \/>\n\t<meta name=\"twitter:data1\" content=\"2 minuty\" \/>\n<script type=\"application\/ld+json\" class=\"yoast-schema-graph\">{\"@context\":\"https:\\\/\\\/schema.org\",\"@graph\":[{\"@type\":\"WebPage\",\"@id\":\"https:\\\/\\\/lacomponella.com\\\/WordPress3\\\/?page_id=1287\",\"url\":\"https:\\\/\\\/lacomponella.com\\\/WordPress3\\\/?page_id=1287\",\"name\":\"- La Componella FCI\",\"isPartOf\":{\"@id\":\"https:\\\/\\\/lacomponella.com\\\/WordPress3\\\/#website\"},\"datePublished\":\"2015-07-19T21:19:59+00:00\",\"dateModified\":\"2018-04-09T11:21:50+00:00\",\"inLanguage\":\"pl-PL\",\"potentialAction\":[{\"@type\":\"ReadAction\",\"target\":[\"https:\\\/\\\/lacomponella.com\\\/WordPress3\\\/?page_id=1287\"]}]},{\"@type\":\"WebSite\",\"@id\":\"https:\\\/\\\/lacomponella.com\\\/WordPress3\\\/#website\",\"url\":\"https:\\\/\\\/lacomponella.com\\\/WordPress3\\\/\",\"name\":\"La Componella FCI\",\"description\":\"Hodowla Dog Niemiecki, Xolo i Owczarek Belgijski\",\"potentialAction\":[{\"@type\":\"SearchAction\",\"target\":{\"@type\":\"EntryPoint\",\"urlTemplate\":\"https:\\\/\\\/lacomponella.com\\\/WordPress3\\\/?s={search_term_string}\"},\"query-input\":{\"@type\":\"PropertyValueSpecification\",\"valueRequired\":true,\"valueName\":\"search_term_string\"}}],\"inLanguage\":\"pl-PL\"}]}<\/script>\n<!-- \/ Yoast SEO plugin. -->","yoast_head_json":{"title":"- La Componella FCI","robots":{"index":"index","follow":"follow","max-snippet":"max-snippet:-1","max-image-preview":"max-image-preview:large","max-video-preview":"max-video-preview:-1"},"canonical":"https:\/\/lacomponella.com\/WordPress3\/?page_id=1287","og_locale":"pl_PL","og_type":"article","og_title":"- La Componella FCI","og_description":"MIOT &#8222;R&#8221;\u00a0-krycie w Austrii 08.11.2012 urodzi\u0142y si\u0119 2 czarne bardzo mocne psy: Rocky Balboa i Rambo John. To ju\u017c trzecie pokolenie z przydomkiem La Componella FCI To pierwszy i jedyny miot w Polsce po Zwyci\u0119zcy \u015awiata 2012, a tak\u017ce nieliczny w Europie po takim doskona\u0142ym skojarzeniu. W miocie urodzi\u0142y si\u0119 tylko 2 czarne samce o [&hellip;]","og_url":"https:\/\/lacomponella.com\/WordPress3\/?page_id=1287","og_site_name":"La Componella FCI","article_modified_time":"2018-04-09T11:21:50+00:00","twitter_card":"summary_large_image","twitter_misc":{"Szacowany czas czytania":"2 minuty"},"schema":{"@context":"https:\/\/schema.org","@graph":[{"@type":"WebPage","@id":"https:\/\/lacomponella.com\/WordPress3\/?page_id=1287","url":"https:\/\/lacomponella.com\/WordPress3\/?page_id=1287","name":"- La Componella FCI","isPartOf":{"@id":"https:\/\/lacomponella.com\/WordPress3\/#website"},"datePublished":"2015-07-19T21:19:59+00:00","dateModified":"2018-04-09T11:21:50+00:00","inLanguage":"pl-PL","potentialAction":[{"@type":"ReadAction","target":["https:\/\/lacomponella.com\/WordPress3\/?page_id=1287"]}]},{"@type":"WebSite","@id":"https:\/\/lacomponella.com\/WordPress3\/#website","url":"https:\/\/lacomponella.com\/WordPress3\/","name":"La Componella FCI","description":"Hodowla Dog Niemiecki, Xolo i Owczarek Belgijski","potentialAction":[{"@type":"SearchAction","target":{"@type":"EntryPoint","urlTemplate":"https:\/\/lacomponella.com\/WordPress3\/?s={search_term_string}"},"query-input":{"@type":"PropertyValueSpecification","valueRequired":true,"valueName":"search_term_string"}}],"inLanguage":"pl-PL"}]}},"_links":{"self":[{"href":"https:\/\/lacomponella.com\/WordPress3\/index.php?rest_route=\/wp\/v2\/pages\/1287","targetHints":{"allow":["GET"]}}],"collection":[{"href":"https:\/\/lacomponella.com\/WordPress3\/index.php?rest_route=\/wp\/v2\/pages"}],"about":[{"href":"https:\/\/lacomponella.com\/WordPress3\/index.php?rest_route=\/wp\/v2\/types\/page"}],"author":[{"embeddable":true,"href":"https:\/\/lacomponella.com\/WordPress3\/index.php?rest_route=\/wp\/v2\/users\/1"}],"replies":[{"embeddable":true,"href":"https:\/\/lacomponella.com\/WordPress3\/index.php?rest_route=%2Fwp%2Fv2%2Fcomments&post=1287"}],"version-history":[{"count":6,"href":"https:\/\/lacomponella.com\/WordPress3\/index.php?rest_route=\/wp\/v2\/pages\/1287\/revisions"}],"predecessor-version":[{"id":4928,"href":"https:\/\/lacomponella.com\/WordPress3\/index.php?rest_route=\/wp\/v2\/pages\/1287\/revisions\/4928"}],"wp:attachment":[{"href":"https:\/\/lacomponella.com\/WordPress3\/index.php?rest_route=%2Fwp%2Fv2%2Fmedia&parent=1287"}],"curies":[{"name":"wp","href":"https:\/\/api.w.org\/{rel}","templated":true}]}}